{"id":3271,"date":"2024-06-19T16:17:28","date_gmt":"2024-06-19T14:17:28","guid":{"rendered":"https:\/\/rubens-antwerpen.be\/home\/centre\/cathedrale-notre-dame\/que-se-serait-il-passe-si-anthony-van-dyck\/"},"modified":"2025-08-08T17:25:45","modified_gmt":"2025-08-08T15:25:45","slug":"que-se-serait-il-passe-si-anthony-van-dyck","status":"publish","type":"page","link":"https:\/\/rubens-antwerpen.be\/fr\/home\/centre\/cathedrale-notre-dame\/que-se-serait-il-passe-si-anthony-van-dyck\/","title":{"rendered":"Que se serait-il pass\u00e9 si \u2026 ? (Anthony Van Dyck)"},"content":{"rendered":"\t\t<div data-elementor-type=\"wp-page\" data-elementor-id=\"3271\" class=\"elementor elementor-3271 elementor-989\">\n\t\t\t\t<div class=\"elementor-element elementor-element-ad42995 e-flex e-con-boxed e-con e-parent\" data-id=\"ad42995\" data-element_type=\"container\" data-e-type=\"container\">\n\t\t\t\t\t<div class=\"e-con-inner\">\n\t\t\t\t<div class=\"elementor-element elementor-element-dbf73d7 elementor-widget elementor-widget-heading\" data-id=\"dbf73d7\" data-element_type=\"widget\" data-e-type=\"widget\" data-widget_type=\"heading.default\">\n\t\t\t\t<div class=\"elementor-widget-container\">\n\t\t\t\t\t<h2 class=\"elementor-heading-title elementor-size-default\">Que se serait-il pass\u00e9 si \u2026 ? (Anthony Van Dyck\/Cornelis Schut) <\/h2>\t\t\t\t<\/div>\n\t\t\t\t<\/div>\n\t\t\t\t\t<\/div>\n\t\t\t\t<\/div>\n\t\t<div class=\"elementor-element elementor-element-694a7e4 e-flex e-con-boxed e-con e-parent\" data-id=\"694a7e4\" data-element_type=\"container\" data-e-type=\"container\">\n\t\t\t\t\t<div class=\"e-con-inner\">\n\t\t\t\t<div class=\"elementor-element elementor-element-c56ce8a elementor-widget elementor-widget-text-editor\" data-id=\"c56ce8a\" data-element_type=\"widget\" data-e-type=\"widget\" data-widget_type=\"text-editor.default\">\n\t\t\t\t<div class=\"elementor-widget-container\">\n\t\t\t\t\t\t\t\t\t<p style=\"text-align: justify;\"><a href=\"https:\/\/rubens-antwerpen.be\/wp-content\/uploads\/\/414P-OLV-KathedraalBuiten-300x170.jpg\"><img fetchpriority=\"high\" decoding=\"async\" class=\"wp-image-1456 size-medium alignleft\" src=\"https:\/\/rubens-antwerpen.be\/wp-content\/uploads\/\/414P-OLV-KathedraalBuiten-300x170.jpg\" alt=\"\" width=\"300\" height=\"170\" srcset=\"https:\/\/rubens-antwerpen.be\/wp-content\/uploads\/414P-OLV-KathedraalBuiten-300x170.jpg 300w, https:\/\/rubens-antwerpen.be\/wp-content\/uploads\/414P-OLV-KathedraalBuiten-768x434.jpg 768w, https:\/\/rubens-antwerpen.be\/wp-content\/uploads\/414P-OLV-KathedraalBuiten.jpg 1024w\" sizes=\"(max-width: 300px) 100vw, 300px\" \/><\/a><\/p>\n<p><\/p>\n<p style=\"text-align: justify;\">\u21d0 La Cathedrale Notre-Dame depuis la Place Verte<\/p>\n<p><\/p>\n<p style=\"text-align: justify;\"><em>Nous revoil\u00e0 au temps pr\u00e9sent, pour nous poser pour une fois la question<\/em> <strong><em>\u00ab Et si ? Que se serait-il pass\u00e9 ? \u00bb<\/em><\/strong><\/p>\n\t\t\t\t\t\t\t\t<\/div>\n\t\t\t\t<\/div>\n\t\t\t\t\t<\/div>\n\t\t\t\t<\/div>\n\t\t<div class=\"elementor-element elementor-element-657c67c e-flex e-con-boxed e-con e-parent\" data-id=\"657c67c\" data-element_type=\"container\" data-e-type=\"container\">\n\t\t\t\t\t<div class=\"e-con-inner\">\n\t\t\t\t<div class=\"elementor-element elementor-element-46e0299 elementor-widget elementor-widget-text-editor\" data-id=\"46e0299\" data-element_type=\"widget\" data-e-type=\"widget\" data-widget_type=\"text-editor.default\">\n\t\t\t\t<div class=\"elementor-widget-container\">\n\t\t\t\t\t\t\t\t\t<p style=\"text-align: justify;\"><a href=\"https:\/\/rubens-antwerpen.be\/wp-content\/uploads\/\/414-AVD-Bisschop-Malderus-238x300.jpg\"><img decoding=\"async\" class=\"alignleft wp-image-1662 size-medium\" src=\"https:\/\/rubens-antwerpen.be\/wp-content\/uploads\/\/414-AVD-Bisschop-Malderus-238x300.jpg\" alt=\"\" width=\"238\" height=\"300\" srcset=\"https:\/\/rubens-antwerpen.be\/wp-content\/uploads\/414-AVD-Bisschop-Malderus-238x300.jpg 238w, https:\/\/rubens-antwerpen.be\/wp-content\/uploads\/414-AVD-Bisschop-Malderus-768x970.jpg 768w, https:\/\/rubens-antwerpen.be\/wp-content\/uploads\/414-AVD-Bisschop-Malderus.jpg 811w\" sizes=\"(max-width: 238px) 100vw, 238px\" \/><\/a>En tant que portraitiste, Anthony van Dyck laisse une seule trace dans la sacristie de la cath\u00e9drale Notre-Dame: parmi les portraits des \u00e9v\u00eaques anversois se trouve Joannes Malderus ou Jean de Malderen (+ 1633). Mais il s&rsquo;agit d&rsquo;une copie parmi beaucoup d&rsquo;autres; une version bien meilleure se trouve au KMSKA ou encore en pr\u00eat \u00e0 la Maison Snijders&amp;Rockox.<br \/>\n<a href=\"https:\/\/kmska.be\/fr\/chefdoeuvre\/joannes-malderus-cinqieme-eveque-danvers\" target=\"_blank\" rel=\"noopener\">https:\/\/kmska.be\/fr\/chefdoeuvre\/joannes-malderus-cinqieme-eveque-danvers<\/a><\/p>\n<p><\/p>\n<p style=\"text-align: justify;\">Nous sommes au terme de nos visites, ce qui pousse, une seule fois dans ce programme, \u00e0 poser la question :<br \/>\n<strong>\u00ab ET SI? Que se serait-il-se pass\u00e9 si \u2026 ? \u00bb<\/strong><\/p>\n<p><\/p>\n<p style=\"text-align: justify;\">D&rsquo;abord les faits: au tournant de l&rsquo;ann\u00e9e 1640-1641, Van Dyck se trouvait \u00e0 Anvers, venant de Paris pour se rendre \u00e0 Londres. Il re\u00e7oit alors une commande de la corporation des Jeunes Archers pour peindre un <em>\u00abMartyre de Saint Georges <\/em>\u00bb pour leur autel dans cette cath\u00e9drale. Le cachet propos\u00e9 de 2000 florins t\u00e9moigne de sa valeur marchande au sommet de sa carri\u00e8re. Il existe au moins deux esquisses pr\u00e9paratoires \u00e0 l&rsquo;huile de ce tableau, mais &#8230; Anthony fera encore un bref passage \u00e0 Anvers et il mourut \u00e0 la fin de l&rsquo;ann\u00e9e 1641.<\/p>\n\t\t\t\t\t\t\t\t<\/div>\n\t\t\t\t<\/div>\n\t\t\t\t\t<\/div>\n\t\t\t\t<\/div>\n\t\t<div class=\"elementor-element elementor-element-4a4f260 e-flex e-con-boxed e-con e-parent\" data-id=\"4a4f260\" data-element_type=\"container\" data-e-type=\"container\">\n\t\t\t\t\t<div class=\"e-con-inner\">\n\t\t\t\t<div class=\"elementor-element elementor-element-599cd28 elementor-widget elementor-widget-text-editor\" data-id=\"599cd28\" data-element_type=\"widget\" data-e-type=\"widget\" data-widget_type=\"text-editor.default\">\n\t\t\t\t<div class=\"elementor-widget-container\">\n\t\t\t\t\t\t\t\t\t<p style=\"text-align: justify;\"><a href=\"https:\/\/rubens-antwerpen.be\/wp-content\/uploads\/\/414-CS-Onthoofding-Joris-233x300.jpg\"><img decoding=\"async\" class=\"alignleft wp-image-1666 size-medium\" src=\"https:\/\/rubens-antwerpen.be\/wp-content\/uploads\/\/414-CS-Onthoofding-Joris-233x300.jpg\" alt=\"\" width=\"233\" height=\"300\" srcset=\"https:\/\/rubens-antwerpen.be\/wp-content\/uploads\/414-CS-Onthoofding-Joris-233x300.jpg 233w, https:\/\/rubens-antwerpen.be\/wp-content\/uploads\/414-CS-Onthoofding-Joris-768x989.jpg 768w, https:\/\/rubens-antwerpen.be\/wp-content\/uploads\/414-CS-Onthoofding-Joris.jpg 795w\" sizes=\"(max-width: 233px) 100vw, 233px\" \/><\/a>Ce sera Cornelis Schut qui r\u00e9alisera le tableau, conserv\u00e9 aujourd&rsquo;hui au KMSKA. C\u2019est une \u0153uvre monumentale en termes de dimensions et de couleurs sombres et dramatiques de haut en bas.<br \/>\n<a href=\"https:\/\/kmska.be\/fr\/chefdoeuvre\/la-decollation-de-saint-georges\" target=\"_blank\" rel=\"noopener\">https:\/\/kmska.be\/fr\/chefdoeuvre\/la-decollation-de-saint-georges<\/a><\/p>\n<p><\/p>\n<p style=\"text-align: justify;\">Et maintenant, sans verser dans la fiction: <strong>\u00abQue se serait-il pass\u00e9 si \u2026\u00a0?\u00bb<\/strong>. L&rsquo;autel pour lequel cette \u0153uvre \u00e9tait destin\u00e9 aurait \u00e9t\u00e9 situ\u00e9 dans le transept nord. Pouvez-vous imaginer un Van Dyck accroch\u00e9, \u00e0 la place de \u2018<em>L\u2019Erection de la croix\u2019)<\/em>? Quel bel \u00e9quilibre c\u2019e\u00fbt \u00e9t\u00e9 entre le ma\u00eetre et l&rsquo;\u00e9l\u00e8ve dou\u00e9, ma\u00eetre lui-m\u00eame !<\/p>\n\t\t\t\t\t\t\t\t<\/div>\n\t\t\t\t<\/div>\n\t\t\t\t\t<\/div>\n\t\t\t\t<\/div>\n\t\t<div class=\"elementor-element elementor-element-8f6bbe8 e-flex e-con-boxed e-con e-parent\" data-id=\"8f6bbe8\" data-element_type=\"container\" data-e-type=\"container\">\n\t\t\t\t\t<div class=\"e-con-inner\">\n\t\t\t\t<div class=\"elementor-element elementor-element-9cd9bb2 elementor-widget elementor-widget-text-editor\" data-id=\"9cd9bb2\" data-element_type=\"widget\" data-e-type=\"widget\" data-widget_type=\"text-editor.default\">\n\t\t\t\t<div class=\"elementor-widget-container\">\n\t\t\t\t\t\t\t\t\t<p><strong>En sortant, nous vous proposons d\u2019\u00e9couter le <em>Hymne de Sim\u00e9on<\/em>, en texte latin \u2018Nunc dimittis\u2019, dans la composition contemporaine d\u2019Arvo P\u00e4rt (2001) :<\/strong><\/p>\n<p><div class=\"ast-oembed-container \" style=\"height: 100%;\"><iframe title=\"&#039;nunc dimitis&#039; by arvo p\u00e4rt live at flagey | arvo p\u00e4rt weekend\" width=\"500\" height=\"281\" src=\"https:\/\/www.youtube.com\/embed\/1qyqjzE3BZk?feature=oembed\" frameborder=\"0\" allow=\"accelerometer; autoplay; clipboard-write; encrypted-media; gyroscope; picture-in-picture; web-share\" referrerpolicy=\"strict-origin-when-cross-origin\" allowfullscreen><\/iframe><\/div><\/p>\n<p><em>Source : &lsquo;Nunc Divitis&rsquo; d&rsquo;Arvo P\u00e4rt en concert \u00e0 Flagey | Arvo P\u00e4rt Week-end (dur\u00e9e 7 :00 min) (28 janvier 2018)<br \/>\n<\/em><em>Le Ch\u0153ur de chambre philharmonique d&rsquo;Estonie en concert \u00e0 Flagey [bit.ly\/2DlMMVT]<\/em><\/p>\n<p><strong><span style=\"color: #008000;\">Nous vous souhaitons beaucoup de LUMI\u00c8RE dans toutes les circonstances de la vie, sp\u00e9cialement de votre vie int\u00e9rieure.<br \/>\nR\u00e9agissez \u00e0 notre programme avec vos appr\u00e9ciations, critiques ou am\u00e9liorations : <\/span><\/strong><strong><a href=\"mailto:info@topa.be\">info@topa.be<\/a>.<\/strong><\/p>\n\t\t\t\t\t\t\t\t<\/div>\n\t\t\t\t<\/div>\n\t\t\t\t\t<\/div>\n\t\t\t\t<\/div>\n\t\t\t\t<\/div>\n\t\t","protected":false},"excerpt":{"rendered":"<p>Que se serait-il pass\u00e9 si \u2026 ? (Anthony Van Dyck\/Cornelis Schut) \u21d0 La Cathedrale Notre-Dame depuis la Place Verte Nous [&hellip;]<\/p>\n","protected":false},"author":1,"featured_media":0,"parent":3263,"menu_order":414,"comment_status":"closed","ping_status":"closed","template":"","meta":{"site-sidebar-layout":"no-sidebar","site-content-layout":"","ast-site-content-layout":"full-width-container","site-content-style":"default","site-sidebar-style":"default","ast-global-header-display":"","ast-banner-title-visibility":"","ast-main-header-display":"","ast-hfb-above-header-display":"","ast-hfb-below-header-display":"","ast-hfb-mobile-header-display":"","site-post-title":"disabled","ast-breadcrumbs-content":"","ast-featured-img":"disabled","footer-sml-layout":"","ast-disable-related-posts":"","theme-transparent-header-meta":"","adv-header-id-meta":"","stick-header-meta":"","header-above-stick-meta":"","header-main-stick-meta":"","header-below-stick-meta":"","astra-migrate-meta-layouts":"default","ast-page-background-enabled":"default","ast-page-background-meta":{"desktop":{"background-color":"var(--ast-global-color-4)","background-image":"","background-repeat":"repeat","background-position":"center center","background-size":"auto","background-attachment":"scroll","background-type":"","background-media":"","overlay-type":"","overlay-color":"","overlay-opacity":"","overlay-gradient":""},"tablet":{"background-color":"","background-image":"","background-repeat":"repeat","background-position":"center center","background-size":"auto","background-attachment":"scroll","background-type":"","background-media":"","overlay-type":"","overlay-color":"","overlay-opacity":"","overlay-gradient":""},"mobile":{"background-color":"","background-image":"","background-repeat":"repeat","background-position":"center center","background-size":"auto","background-attachment":"scroll","background-type":"","background-media":"","overlay-type":"","overlay-color":"","overlay-opacity":"","overlay-gradient":""}},"ast-content-background-meta":{"desktop":{"background-color":"var(--ast-global-color-5)","background-image":"","background-repeat":"repeat","background-position":"center center","background-size":"auto","background-attachment":"scroll","background-type":"","background-media":"","overlay-type":"","overlay-color":"","overlay-opacity":"","overlay-gradient":""},"tablet":{"background-color":"var(--ast-global-color-5)","background-image":"","background-repeat":"repeat","background-position":"center center","background-size":"auto","background-attachment":"scroll","background-type":"","background-media":"","overlay-type":"","overlay-color":"","overlay-opacity":"","overlay-gradient":""},"mobile":{"background-color":"var(--ast-global-color-5)","background-image":"","background-repeat":"repeat","background-position":"center center","background-size":"auto","background-attachment":"scroll","background-type":"","background-media":"","overlay-type":"","overlay-color":"","overlay-opacity":"","overlay-gradient":""}},"footnotes":""},"class_list":["post-3271","page","type-page","status-publish","hentry"],"aioseo_notices":[],"_links":{"self":[{"href":"https:\/\/rubens-antwerpen.be\/fr\/wp-json\/wp\/v2\/pages\/3271","targetHints":{"allow":["GET"]}}],"collection":[{"href":"https:\/\/rubens-antwerpen.be\/fr\/wp-json\/wp\/v2\/pages"}],"about":[{"href":"https:\/\/rubens-antwerpen.be\/fr\/wp-json\/wp\/v2\/types\/page"}],"author":[{"embeddable":true,"href":"https:\/\/rubens-antwerpen.be\/fr\/wp-json\/wp\/v2\/users\/1"}],"replies":[{"embeddable":true,"href":"https:\/\/rubens-antwerpen.be\/fr\/wp-json\/wp\/v2\/comments?post=3271"}],"version-history":[{"count":9,"href":"https:\/\/rubens-antwerpen.be\/fr\/wp-json\/wp\/v2\/pages\/3271\/revisions"}],"predecessor-version":[{"id":6094,"href":"https:\/\/rubens-antwerpen.be\/fr\/wp-json\/wp\/v2\/pages\/3271\/revisions\/6094"}],"up":[{"embeddable":true,"href":"https:\/\/rubens-antwerpen.be\/fr\/wp-json\/wp\/v2\/pages\/3263"}],"wp:attachment":[{"href":"https:\/\/rubens-antwerpen.be\/fr\/wp-json\/wp\/v2\/media?parent=3271"}],"curies":[{"name":"wp","href":"https:\/\/api.w.org\/{rel}","templated":true}]}}